{"id":987512486,"date":"2023-09-12T18:25:15","date_gmt":"2023-09-12T16:25:15","guid":{"rendered":"https:\/\/smyline.com\/politica-de-privacidad\/"},"modified":"2024-02-27T16:25:18","modified_gmt":"2024-02-27T15:25:18","slug":"politica-de-privacidad","status":"publish","type":"page","link":"https:\/\/smyline.com\/es\/politica-de-privacidad\/","title":{"rendered":"Pol\u00edtica de privacidad"},"content":{"rendered":"<p>[et_pb_section fb_built=\u00bb1&#8243; _builder_version=\u00bb4.17.3&#8243; global_colors_info=\u00bb{}\u00bb][et_pb_row _builder_version=\u00bb4.23&#8243; background_size=\u00bbinitial\u00bb background_position=\u00bbtop_left\u00bb background_repeat=\u00bbrepeat\u00bb hover_enabled=\u00bb0&#8243; global_colors_info=\u00bb{}\u00bb sticky_enabled=\u00bb0&#8243;][et_pb_column type=\u00bb4_4&#8243; _builder_version=\u00bb4.16&#8243; custom_padding=\u00bb|||\u00bb global_colors_info=\u00bb{}\u00bb custom_padding__hover=\u00bb|||\u00bb][et_pb_text _builder_version=\u00bb4.23&#8243; text_font_size=\u00bb16px\u00bb text_line_height=\u00bb1.8em\u00bb background_size=\u00bbinitial\u00bb background_position=\u00bbtop_left\u00bb background_repeat=\u00bbrepeat\u00bb hover_enabled=\u00bb0&#8243; global_colors_info=\u00bb{}\u00bb sticky_enabled=\u00bb0&#8243;]<\/p>\n<p><!-- divi:heading --><\/p>\n<h1>Pol\u00edtica de privacidad y RGPD<\/h1>\n<h2>ART\u00cdCULO 1: PRE\u00c1MBULO<\/h2>\n<p>Esta pol\u00edtica de privacidad se aplica al sitio web: Smyline.com y pro.smyline.com<\/p>\n<p>El objetivo de esta pol\u00edtica de privacidad es informar a los usuarios del sitio :<br \/>&#8211; C\u00f3mo se recogen y procesan sus datos personales. Por datos personales se entiende cualquier dato susceptible de identificar a un usuario. Esto incluye, en particular, el nombre y los apellidos, la edad, la direcci\u00f3n postal, la direcci\u00f3n de correo electr\u00f3nico, la ubicaci\u00f3n del usuario y la direcci\u00f3n IP;<br \/>&#8211; \u00bfQu\u00e9 derechos tienen los usuarios en relaci\u00f3n con estos datos?<br \/>&#8211; \u00bfQui\u00e9n es responsable del tratamiento de los datos personales recogidos y tratados?<br \/>\u00bfA qui\u00e9n se transmiten estos datos?<br \/>\u2022 Si procede, la pol\u00edtica del sitio en materia de cookies.<\/p>\n<p>Esta pol\u00edtica de confidencialidad complementa el aviso legal y las Condiciones Generales de Uso, que los usuarios pueden consultar en la siguiente direcci\u00f3n: <a href=\"https:\/\/smyline.com\/es\/informacion-juridica\/\">smyline \/ Aviso legal<\/a><\/p>\n<h2>ART\u00cdCULO 2: PRINCIPIOS GENERALES DE RECOGIDA Y TRATAMIENTO DE DATOS<\/h2>\n<p>De conformidad con lo dispuesto en el art\u00edculo 5 del Reglamento Europeo 2016\/679, la recogida y tratamiento de los datos de los usuarios de la web se ajusta a los siguientes principios:<br \/>\u2022 Licitud, lealtad y transparencia: los datos solo podr\u00e1n recogerse y tratarse con el consentimiento del usuario titular de los mismos. Siempre que se recojan datos personales, se informar\u00e1 al usuario de que se est\u00e1n recogiendo sus datos y con qu\u00e9 finalidad;<br \/>Finalidades limitadas: la recogida y el tratamiento de los datos se realizan para cumplir una o varias de las finalidades previstas en las presentes condiciones generales de uso;<br \/>Minimizaci\u00f3n de la recogida y el tratamiento de datos: s\u00f3lo se recogen los datos necesarios para el correcto cumplimiento de los fines perseguidos por el sitio;<br \/>\u2022 Conservaci\u00f3n de datos reducida en el tiempo: los datos se conservan durante un periodo limitado, del que se informa al usuario. Cuando no pueda facilitarse esta informaci\u00f3n, se informa al usuario de los criterios utilizados para determinar el periodo de conservaci\u00f3n;<br \/>Integridad y confidencialidad de los datos recogidos y tratados: el responsable del tratamiento se compromete a garantizar la integridad y confidencialidad de los datos recogidos.<\/p>\n<p>Para ser l\u00edcitos, y de conformidad con los requisitos del art\u00edculo 6 del Reglamento Europeo 2016\/679, los datos personales solo podr\u00e1n recopilarse y tratarse si se cumple al menos una de las siguientes condiciones:<br \/>\u2022 El usuario ha consentido expresamente el tratamiento;<br \/>\u2022 El tratamiento es necesario para la correcta ejecuci\u00f3n de un contrato;<br \/>\u2022 El tratamiento es en cumplimiento de una obligaci\u00f3n legal;<br \/>\u2022 El tratamiento es necesario para proteger los intereses vitales del interesado o de otra persona f\u00edsica;<br \/>\u2022 el tratamiento puede ser necesario para el cumplimiento de una misi\u00f3n de inter\u00e9s p\u00fablico o inherente al ejercicio del poder p\u00fablico;<br \/>\u2022 El tratamiento y la recogida de datos personales son necesarios para la satisfacci\u00f3n de intereses leg\u00edtimos y privados perseguidos por el responsable del tratamiento o por un tercero.<\/p>\n<h2>ART\u00cdCULO 3: DATOS PERSONALES RECOGIDOS Y TRATADOS DURANTE LA NAVEGACI\u00d3N POR EL SITIO WEB<\/h2>\n<p><strong>A. DATOS RECOGIDOS Y TRATADOS Y MODO DE RECOGIDA<\/strong><\/p>\n<p>Los datos personales recogidos en el sitio web de Smyline son los siguientes:<\/p>\n<p>&#8211; Nombre y apellidos<br \/>&#8211; Correo<br \/>&#8211; N\u00famero de tel\u00e9fono<br \/>&#8211; Canal de conocimiento Smyline<br \/>&#8211; Mensaje escrito por el usuario<\/p>\n<p>_________________<br \/>Estos datos se recogen cuando el usuario realiza una de las siguientes operaciones en el sitio:<br \/>&#8211; Rellenar y enviar el formulario de contacto<\/p>\n<p>_____________________<br \/>El responsable del tratamiento conservar\u00e1 todos los datos recogidos en los sistemas inform\u00e1ticos del sitio en condiciones de seguridad razonables durante un periodo de :<br \/>&#8211; Los datos est\u00e1ticos se conservan durante 2 a\u00f1os.<br \/>&#8211; Los datos personales no se almacenan en el sitio web, sino en el buz\u00f3n contact@smyline.com.<br \/>Los datos se recogen y tratan con los siguientes fines:<br \/>Los datos recogidos se utilizan para recopilar estad\u00edsticas sobre la audiencia del sitio y para ponerse en contacto con el interesado por correo electr\u00f3nico o tel\u00e9fono.<br \/>El tratamiento de datos realizado se basa en los siguientes fundamentos jur\u00eddicos:<br \/>&#8211; consentimiento del usuario<\/p>\n<p><strong>B. TRANSMISI\u00d3N DE DATOS A TERCEROS<\/strong><\/p>\n<p>Los datos podr\u00e1n transmitirse a los terceros que se indican a continuaci\u00f3n:<br \/>WordPress<br \/>Socios<br \/>Google Analitycs<\/p>\n<p><strong>C. HOSTING DE DATOS<\/strong><\/p>\n<p>El sitio web de Smyline y pro.smyline est\u00e1n alojados en: O2Switch<\/p>\n<p>Los datos recogidos y tratados por los sitios web se transfieren a los siguientes pa\u00edses: Francia<\/p>\n<h2>ART\u00cdCULO 4: RESPONSABLE DEL TRATAMIENTO<\/h2>\n<p><strong>A. EL RESPONSABLE DEL TRATAMIENTO<\/strong><\/p>\n<p>El responsable del tratamiento de los datos personales es: Smyline. Puede ponerse en contacto con \u00e9l de la siguiente manera<br \/>Por correo electr\u00f3nico, tel\u00e9fono o a trav\u00e9s del formulario de contacto<br \/>El responsable del tratamiento es responsable de determinar los fines y medios del tratamiento de datos personales.<\/p>\n<p><strong>B. OBLIGACIONES DEL RESPONSABLE DEL TRATAMIENTO<\/strong><\/p>\n<p>El responsable del tratamiento se compromete a proteger los datos personales recogidos, a no transmitirlos a terceros sin conocimiento del usuario y a respetar los fines para los que se recogieron.<br \/>El sitio dispone de un certificado SSL que garantiza la seguridad de la informaci\u00f3n y la transferencia de datos a trav\u00e9s del sitio.<br \/>Un certificado SSL (\u00abSecure Socket Layer\u00bb Certificate) est\u00e1 dise\u00f1ado para proteger los datos intercambiados entre el usuario y el sitio.<br \/>Adem\u00e1s, el responsable del tratamiento se compromete a notificar al usuario en caso de rectificaci\u00f3n o supresi\u00f3n de los datos, salvo que ello suponga tr\u00e1mites, costes y gestiones desproporcionados para el usuario.<br \/>En caso de que la integridad, confidencialidad o seguridad de los datos personales del usuario se vea comprometida, el responsable del tratamiento se compromete a informar al usuario por cualquier medio necesario.<\/p>\n<h2>ART\u00cdCULO 5: DERECHOS DE LOS USUARIOS<\/h2>\n<p>De conformidad con la normativa relativa al tratamiento de datos personales, el usuario tiene los derechos que se enumeran a continuaci\u00f3n.<br \/>Para que el responsable del tratamiento pueda atender la solicitud, el usuario deber\u00e1 facilitar la siguiente informaci\u00f3n: nombre, apellidos y direcci\u00f3n de correo electr\u00f3nico.<br \/>El responsable del tratamiento est\u00e1 obligado a responder al usuario en un plazo m\u00e1ximo de 30 (treinta) d\u00edas.<\/p>\n<p><strong>A. PRESENTACI\u00d3N DE LOS DERECHOS DEL USUARIO EN MATERIA DE RECOGIDA Y TRATAMIENTO DE DATOS<\/strong><\/p>\n<p>a. Derecho de acceso, rectificaci\u00f3n y supresi\u00f3n<br \/>Los usuarios pueden consultar, actualizar, modificar o solicitar la supresi\u00f3n de los datos que les conciernen siguiendo el procedimiento que se indica a continuaci\u00f3n:<br \/>El usuario deber\u00e1 enviar un correo electr\u00f3nico al responsable del tratamiento de datos personales, especificando el objeto de la solicitud, a la direcci\u00f3n de correo electr\u00f3nico de contacto.<\/p>\n<p>b. Derecho a la portabilidad de los datos<br \/>Los usuarios tienen derecho a solicitar la portabilidad de sus datos personales conservados por el sitio a otro sitio, de acuerdo con el siguiente procedimiento:<br \/>Los usuarios deben solicitar la portabilidad de sus datos personales al responsable del tratamiento enviando un correo electr\u00f3nico a la direcci\u00f3n arriba indicada.<\/p>\n<p>c. Derecho de limitaci\u00f3n y oposici\u00f3n al tratamiento de datos<br \/>El usuario tiene derecho a solicitar la limitaci\u00f3n u oponerse al tratamiento de sus datos por parte del sitio, sin que \u00e9ste pueda denegarlo, salvo que pueda demostrar la existencia de motivos leg\u00edtimos imperiosos, que prevalezcan sobre los intereses y los derechos y libertades del usuario.<br \/>Para solicitar la limitaci\u00f3n del tratamiento de sus datos o formular una oposici\u00f3n al tratamiento de los mismos, el usuario deber\u00e1 seguir el siguiente procedimiento:<br \/>El usuario debe solicitar la limitaci\u00f3n del tratamiento de sus datos personales por correo electr\u00f3nico al responsable del tratamiento.<\/p>\n<p>d. Derecho a no ser objeto de una decisi\u00f3n basada exclusivamente en un procedimiento automatizado<br \/>De conformidad con lo dispuesto en el Reglamento 2016\/679, el usuario tiene derecho a no ser objeto de una decisi\u00f3n basada exclusivamente en un tratamiento automatizado si la decisi\u00f3n produce efectos jur\u00eddicos que le conciernen o le afectan de forma significativa de manera similar.<\/p>\n<p>e. Derecho a determinar qu\u00e9 ocurre con los datos despu\u00e9s de la muerte<br \/>Se recuerda a los usuarios que pueden organizar qu\u00e9 va a ser de sus datos recopilados y procesados si fallecen, de conformidad con la ley n.\u00ba 2016-1321 de 7 de octubre de 2016.<\/p>\n<p>f. Derecho a ponerse en contacto con la autoridad de control competente<br \/>Si el responsable del tratamiento decide no responder a la solicitud del usuario, y \u00e9ste desea impugnar esta decisi\u00f3n, o si considera que se ha vulnerado alguno de los derechos enumerados anteriormente, tiene derecho a someter el asunto a la CNIL (Commission Nationale de l&#8217;Informatique et des Libert\u00e9s, https:\/\/www.cnil.fr) o a cualquier tribunal competente.<\/p>\n<p><strong>B. DATOS PERSONALES DE MENORES<\/strong><\/p>\n<p>De conformidad con lo dispuesto en el art\u00edculo 8 del Reglamento Europeo 2016\/679 y la Ley de Protecci\u00f3n de Datos francesa, solo los menores de 15 a\u00f1os o m\u00e1s pueden dar su consentimiento para el tratamiento de sus datos personales.<br \/>Si el usuario es menor de 15 a\u00f1os, se requerir\u00e1 el consentimiento de un representante legal antes de recopilar y tratar los datos personales.<br \/>El editor del sitio se reserva el derecho de verificar por cualquier medio que el usuario es mayor de 15 a\u00f1os o que ha obtenido el acuerdo de un representante legal antes de navegar por el sitio.<\/p>\n<h2>ART\u00cdCULO 6: USO DE COOKIES<\/h2>\n<p>El sitio puede utilizar t\u00e9cnicas de \u00abcookies\u00bb.<br \/>Una \u00abcookie\u00bb es un peque\u00f1o archivo (inferior a 4 kb), almacenado por el sitio en el disco duro del usuario, que contiene informaci\u00f3n sobre los h\u00e1bitos de navegaci\u00f3n del usuario.<br \/>Estos archivos nos permiten procesar estad\u00edsticas de tr\u00e1fico e informaci\u00f3n, facilitar la navegaci\u00f3n y mejorar el servicio para la comodidad del usuario.<br \/>Para el uso de archivos \u00abcookie\u00bb que impliquen el almacenamiento y an\u00e1lisis de datos personales, deber\u00e1 obtenerse el consentimiento del usuario.<br \/>El consentimiento del usuario se considera v\u00e1lido durante un m\u00e1ximo de 6 (seis) meses. Al final de este periodo, el sitio volver\u00e1 a solicitar la autorizaci\u00f3n del usuario para guardar archivos \u00abcookies\u00bb en su disco duro.<\/p>\n<p>a. Oposici\u00f3n del usuario al uso de \u00abcookies\u00bb por parte del sitio web<br \/>Las cookies que no son esenciales para el funcionamiento del sitio s\u00f3lo se colocan en el terminal del usuario tras obtener su consentimiento. Los usuarios pueden retirar su consentimiento en cualquier momento, como se indica a continuaci\u00f3n:<br \/>Debe negarse a aceptar cookies en la ventana emergente.<br \/>De forma m\u00e1s general, se informa a los usuarios de que pueden negarse a aceptar cookies configurando el software de su navegador.<br \/>Para m\u00e1s informaci\u00f3n, los usuarios pueden encontrar c\u00f3mo configurar su software de navegaci\u00f3n para evitar el almacenamiento de cookies en las siguientes direcciones:<br \/>\u2022 Chrome : https:\/\/support.google.com\/accounts\/answer\/61416?hl=fr<br \/>\u2022 Firefox : https:\/\/support.mozilla.org\/fr\/kb\/enable-and-disable-cookies-website-preferences<br \/>\u2022 Safari : http:\/\/www.apple.com\/legal\/privacy\/fr-ww\/<br \/>\u2022 Internet Explorer : https:\/\/support.microsoft.com\/fr-fr\/help\/17442\/windows-internet-explorer-delete-manage-cookies<br \/>\u2022 Opera : http:\/\/www.opera.com\/help\/tutorials\/security\/cookies\/<\/p>\n<p>Si el usuario decide desactivar las cookies, podr\u00e1 seguir navegando por el sitio. Sin embargo, cualquier mal funcionamiento del sitio causado por esta manipulaci\u00f3n no puede considerarse culpa del editor del sitio.<\/p>\n<p>b. Descripci\u00f3n de las cookies utilizadas por el sitio<br \/>El editor del sitio llama la atenci\u00f3n del usuario sobre el hecho de que se utilizan las siguientes cookies durante la navegaci\u00f3n:<br \/>Cookies y plugins de WordPress de terceros &#8211; Axeptio<\/p>\n<h2>ART\u00cdCULO 7: CONDICIONES DE MODIFICACI\u00d3N DE LA POL\u00cdTICA DE PRIVACIDAD<\/h2>\n<p>Esta pol\u00edtica de privacidad puede consultarse en cualquier momento en la direcci\u00f3n que figura a continuaci\u00f3n:<br \/><a href=\"https:\/\/smyline.com\/es\/politica-de-privacidad\/\">Smyline \/ Pol\u00edtica de privacidad<\/a><br \/>El editor del sitio se reserva el derecho de modificarlo para garantizar su conformidad con la legislaci\u00f3n vigente.<br \/>Por lo tanto, se invita a los usuarios a consultar peri\u00f3dicamente esta pol\u00edtica de privacidad para mantenerse al corriente de los \u00faltimos cambios.<br \/>No obstante, en caso de modificaci\u00f3n sustancial de esta pol\u00edtica, se informar\u00e1 al usuario de la siguiente manera:<br \/>Correo o tel\u00e9fono<br \/>Se informa a los usuarios de que esta pol\u00edtica de privacidad se actualiz\u00f3 por \u00faltima vez el: 27\/10\/2023.<\/p>\n<h2>ART\u00cdCULO 8: ACEPTACI\u00d3N DE LA POL\u00cdTICA DE PRIVACIDAD POR PARTE DEL USUARIO<\/h2>\n<p>Al navegar por el sitio, el usuario certifica que ha le\u00eddo y comprendido la presente pol\u00edtica de privacidad y que acepta sus t\u00e9rminos, en particular en lo relativo a la recogida y tratamiento de sus datos personales y al uso de cookies.<\/p>\n<p><!-- \/divi:paragraph --><\/p>\n<p>[\/et_pb_text][\/et_pb_column][\/et_pb_row][\/et_pb_section]<\/p>\n","protected":false},"excerpt":{"rendered":"<p>Pol\u00edtica de privacidad y RGPD ART\u00cdCULO 1: PRE\u00c1MBULO Esta pol\u00edtica de privacidad se aplica al sitio web: Smyline.com y pro.smyline.com El objetivo de esta pol\u00edtica de privacidad es informar a los usuarios del sitio :- C\u00f3mo se recogen y procesan sus datos personales. Por datos personales se entiende cualquier dato susceptible de identificar a un [&hellip;]<\/p>\n","protected":false},"author":1,"featured_media":0,"parent":0,"menu_order":0,"comment_status":"closed","ping_status":"open","template":"","meta":{"_et_pb_use_builder":"on","_et_pb_old_content":"","_et_gb_content_width":"","inline_featured_image":false,"footnotes":""},"class_list":["post-987512486","page","type-page","status-publish","hentry"],"yoast_head":"<!-- This site is optimized with the Yoast SEO plugin v25.7 - https:\/\/yoast.com\/wordpress\/plugins\/seo\/ -->\n<title>Pol\u00edtica de privacidad - Smyline<\/title>\n<meta name=\"robots\" content=\"index, follow, max-snippet:-1, max-image-preview:large, max-video-preview:-1\" \/>\n<link rel=\"canonical\" href=\"https:\/\/smyline.com\/es\/politica-de-privacidad\/\" \/>\n<meta property=\"og:locale\" content=\"es_ES\" \/>\n<meta property=\"og:type\" content=\"article\" \/>\n<meta property=\"og:title\" content=\"Pol\u00edtica de privacidad - Smyline\" \/>\n<meta property=\"og:description\" content=\"Pol\u00edtica de privacidad y RGPD ART\u00cdCULO 1: PRE\u00c1MBULO Esta pol\u00edtica de privacidad se aplica al sitio web: Smyline.com y pro.smyline.com El objetivo de esta pol\u00edtica de privacidad es informar a los usuarios del sitio :- C\u00f3mo se recogen y procesan sus datos personales. Por datos personales se entiende cualquier dato susceptible de identificar a un [&hellip;]\" \/>\n<meta property=\"og:url\" content=\"https:\/\/smyline.com\/es\/politica-de-privacidad\/\" \/>\n<meta property=\"og:site_name\" content=\"Smyline\" \/>\n<meta property=\"article:modified_time\" content=\"2024-02-27T15:25:18+00:00\" \/>\n<meta name=\"twitter:card\" content=\"summary_large_image\" \/>\n<meta name=\"twitter:label1\" content=\"Tiempo de lectura\" \/>\n\t<meta name=\"twitter:data1\" content=\"11 minutos\" \/>\n<script type=\"application\/ld+json\" class=\"yoast-schema-graph\">{\"@context\":\"https:\/\/schema.org\",\"@graph\":[{\"@type\":\"WebPage\",\"@id\":\"https:\/\/smyline.com\/es\/politica-de-privacidad\/\",\"url\":\"https:\/\/smyline.com\/es\/politica-de-privacidad\/\",\"name\":\"Pol\u00edtica de privacidad - Smyline\",\"isPartOf\":{\"@id\":\"https:\/\/smyline.com\/es\/#website\"},\"datePublished\":\"2023-09-12T16:25:15+00:00\",\"dateModified\":\"2024-02-27T15:25:18+00:00\",\"breadcrumb\":{\"@id\":\"https:\/\/smyline.com\/es\/politica-de-privacidad\/#breadcrumb\"},\"inLanguage\":\"es\",\"potentialAction\":[{\"@type\":\"ReadAction\",\"target\":[\"https:\/\/smyline.com\/es\/politica-de-privacidad\/\"]}]},{\"@type\":\"BreadcrumbList\",\"@id\":\"https:\/\/smyline.com\/es\/politica-de-privacidad\/#breadcrumb\",\"itemListElement\":[{\"@type\":\"ListItem\",\"position\":1,\"name\":\"Accueil\",\"item\":\"https:\/\/smyline.com\/es\/inicio\/\"},{\"@type\":\"ListItem\",\"position\":2,\"name\":\"Pol\u00edtica de privacidad\"}]},{\"@type\":\"WebSite\",\"@id\":\"https:\/\/smyline.com\/es\/#website\",\"url\":\"https:\/\/smyline.com\/es\/\",\"name\":\"Smyline\",\"description\":\"Le pouvoir du sourire pour tous\",\"potentialAction\":[{\"@type\":\"SearchAction\",\"target\":{\"@type\":\"EntryPoint\",\"urlTemplate\":\"https:\/\/smyline.com\/es\/?s={search_term_string}\"},\"query-input\":{\"@type\":\"PropertyValueSpecification\",\"valueRequired\":true,\"valueName\":\"search_term_string\"}}],\"inLanguage\":\"es\"}]}<\/script>\n<!-- \/ Yoast SEO plugin. -->","yoast_head_json":{"title":"Pol\u00edtica de privacidad - Smyline","robots":{"index":"index","follow":"follow","max-snippet":"max-snippet:-1","max-image-preview":"max-image-preview:large","max-video-preview":"max-video-preview:-1"},"canonical":"https:\/\/smyline.com\/es\/politica-de-privacidad\/","og_locale":"es_ES","og_type":"article","og_title":"Pol\u00edtica de privacidad - Smyline","og_description":"Pol\u00edtica de privacidad y RGPD ART\u00cdCULO 1: PRE\u00c1MBULO Esta pol\u00edtica de privacidad se aplica al sitio web: Smyline.com y pro.smyline.com El objetivo de esta pol\u00edtica de privacidad es informar a los usuarios del sitio :- C\u00f3mo se recogen y procesan sus datos personales. Por datos personales se entiende cualquier dato susceptible de identificar a un [&hellip;]","og_url":"https:\/\/smyline.com\/es\/politica-de-privacidad\/","og_site_name":"Smyline","article_modified_time":"2024-02-27T15:25:18+00:00","twitter_card":"summary_large_image","twitter_misc":{"Tiempo de lectura":"11 minutos"},"schema":{"@context":"https:\/\/schema.org","@graph":[{"@type":"WebPage","@id":"https:\/\/smyline.com\/es\/politica-de-privacidad\/","url":"https:\/\/smyline.com\/es\/politica-de-privacidad\/","name":"Pol\u00edtica de privacidad - Smyline","isPartOf":{"@id":"https:\/\/smyline.com\/es\/#website"},"datePublished":"2023-09-12T16:25:15+00:00","dateModified":"2024-02-27T15:25:18+00:00","breadcrumb":{"@id":"https:\/\/smyline.com\/es\/politica-de-privacidad\/#breadcrumb"},"inLanguage":"es","potentialAction":[{"@type":"ReadAction","target":["https:\/\/smyline.com\/es\/politica-de-privacidad\/"]}]},{"@type":"BreadcrumbList","@id":"https:\/\/smyline.com\/es\/politica-de-privacidad\/#breadcrumb","itemListElement":[{"@type":"ListItem","position":1,"name":"Accueil","item":"https:\/\/smyline.com\/es\/inicio\/"},{"@type":"ListItem","position":2,"name":"Pol\u00edtica de privacidad"}]},{"@type":"WebSite","@id":"https:\/\/smyline.com\/es\/#website","url":"https:\/\/smyline.com\/es\/","name":"Smyline","description":"Le pouvoir du sourire pour tous","potentialAction":[{"@type":"SearchAction","target":{"@type":"EntryPoint","urlTemplate":"https:\/\/smyline.com\/es\/?s={search_term_string}"},"query-input":{"@type":"PropertyValueSpecification","valueRequired":true,"valueName":"search_term_string"}}],"inLanguage":"es"}]}},"_links":{"self":[{"href":"https:\/\/smyline.com\/es\/wp-json\/wp\/v2\/pages\/987512486","targetHints":{"allow":["GET"]}}],"collection":[{"href":"https:\/\/smyline.com\/es\/wp-json\/wp\/v2\/pages"}],"about":[{"href":"https:\/\/smyline.com\/es\/wp-json\/wp\/v2\/types\/page"}],"author":[{"embeddable":true,"href":"https:\/\/smyline.com\/es\/wp-json\/wp\/v2\/users\/1"}],"replies":[{"embeddable":true,"href":"https:\/\/smyline.com\/es\/wp-json\/wp\/v2\/comments?post=987512486"}],"version-history":[{"count":5,"href":"https:\/\/smyline.com\/es\/wp-json\/wp\/v2\/pages\/987512486\/revisions"}],"predecessor-version":[{"id":987512491,"href":"https:\/\/smyline.com\/es\/wp-json\/wp\/v2\/pages\/987512486\/revisions\/987512491"}],"wp:attachment":[{"href":"https:\/\/smyline.com\/es\/wp-json\/wp\/v2\/media?parent=987512486"}],"curies":[{"name":"wp","href":"https:\/\/api.w.org\/{rel}","templated":true}]}}